{"id":3471,"date":"2024-04-15T11:47:19","date_gmt":"2024-04-15T09:47:19","guid":{"rendered":"https:\/\/plenitudsocial.es\/?page_id=3471"},"modified":"2024-04-15T12:08:48","modified_gmt":"2024-04-15T10:08:48","slug":"politica-de-privacidad","status":"publish","type":"page","link":"https:\/\/plenitudsocial.es\/en\/politica-de-privacidad\/","title":{"rendered":"Privacy policy"},"content":{"rendered":"<p>[et_pb_section fb_built=\u00bb1&#8243; fullwidth=\u00bbon\u00bb admin_label=\u00bbHeader\u00bb _builder_version=\u00bb4.22.1&#8243; background_enable_image=\u00bboff\u00bb parallax=\u00bbon\u00bb custom_margin=\u00bb|||\u00bb custom_padding=\u00bb|||\u00bb global_colors_info=\u00bb{}\u00bb][et_pb_fullwidth_header title=\u00bbPol\u00edtica de Privacidad\u00bb button_one_url=\u00bb#\u00bb button_two_url=\u00bb#\u00bb scroll_down_icon_size_tablet=\u00bb\u00bb scroll_down_icon_size_phone=\u00bb\u00bb scroll_down_icon_size_last_edited=\u00bbon|phone\u00bb _builder_version=\u00bb4.22.1&#8243; title_font=\u00bbUbuntu|700|||||||\u00bb title_font_size=\u00bb50px\u00bb title_line_height=\u00bb1.2em\u00bb content_font=\u00bb|600|||||||\u00bb content_font_size=\u00bb20px\u00bb content_line_height=\u00bb2em\u00bb background_color=\u00bbrgba(255,255,255,0)\u00bb use_background_color_gradient=\u00bbon\u00bb background_color_gradient_type=\u00bbcircular\u00bb background_color_gradient_direction_radial=\u00bbright\u00bb background_color_gradient_stops=\u00bbrgba(255,255,255,0) 0%|#ffffff 70%\u00bb background_color_gradient_start=\u00bbrgba(255,255,255,0)\u00bb background_color_gradient_end=\u00bb#ffffff\u00bb background_color_gradient_end_position=\u00bb70%\u00bb background_image=\u00bbhttp:\/\/plenitudsocial.es\/wp-content\/uploads\/2024\/04\/cleaning-services-01.png\u00bb custom_button_one=\u00bbon\u00bb button_one_text_size=\u00bb18px\u00bb button_one_text_color=\u00bb#ffffff\u00bb button_one_bg_color=\u00bb#f2835a\u00bb button_one_bg_color_gradient_direction=\u00bb90deg\u00bb button_one_bg_color_gradient_stops=\u00bb#f2835a 0%|#fab993 100%\u00bb button_one_bg_color_gradient_overlays_image=\u00bbon\u00bb button_one_bg_color_gradient_start=\u00bb#f2835a\u00bb button_one_bg_color_gradient_end=\u00bb#fab993&#8243; button_one_border_width=\u00bb10px\u00bb button_one_border_color=\u00bb#f2835a\u00bb button_one_border_radius=\u00bb0px\u00bb button_one_font=\u00bbUbuntu|700|||||||\u00bb custom_button_two=\u00bbon\u00bb button_two_text_size=\u00bb18px\u00bb button_two_text_color=\u00bb#ffffff\u00bb button_two_bg_color=\u00bb#557df3&#8243; button_two_border_width=\u00bb10px\u00bb button_two_border_color=\u00bb#557df3&#8243; button_two_border_radius=\u00bb0px\u00bb button_two_font=\u00bbUbuntu|700|||||||\u00bb background_layout=\u00bblight\u00bb custom_padding=\u00bb0vw||0vw||true|\u00bb custom_padding_tablet=\u00bb||||false\u00bb custom_padding_phone=\u00bb3vw||3vw||true\u00bb custom_padding_last_edited=\u00bbon|phone\u00bb animation_style=\u00bbfade\u00bb hover_enabled=\u00bb0&#8243; title_font_size_tablet=\u00bb35px\u00bb title_font_size_phone=\u00bb25px\u00bb title_font_size_last_edited=\u00bbon|phone\u00bb content_font_size_tablet=\u00bb16px\u00bb content_font_size_phone=\u00bb14px\u00bb content_font_size_last_edited=\u00bbon|phone\u00bb button_one_text_size_tablet=\u00bb\u00bb button_one_text_size_phone=\u00bb\u00bb button_one_text_size_last_edited=\u00bbon|desktop\u00bb button_one_border_radius_hover=\u00bb0px\u00bb button_two_border_radius_hover=\u00bb0px\u00bb global_colors_info=\u00bb{}\u00bb button_one_text_size__hover_enabled=\u00bboff\u00bb button_two_text_size__hover_enabled=\u00bboff\u00bb button_one_text_color__hover_enabled=\u00bboff\u00bb button_two_text_color__hover_enabled=\u00bboff\u00bb button_one_border_width__hover_enabled=\u00bboff\u00bb button_two_border_width__hover_enabled=\u00bboff\u00bb button_one_border_color__hover_enabled=\u00bboff\u00bb button_two_border_color__hover_enabled=\u00bboff\u00bb button_one_border_radius__hover_enabled=\u00bbon\u00bb button_one_border_radius__hover=\u00bb0px\u00bb button_two_border_radius__hover_enabled=\u00bbon\u00bb button_two_border_radius__hover=\u00bb0px\u00bb button_one_letter_spacing__hover_enabled=\u00bboff\u00bb button_two_letter_spacing__hover_enabled=\u00bboff\u00bb button_one_bg_color__hover_enabled=\u00bboff\u00bb button_two_bg_color__hover_enabled=\u00bboff\u00bb sticky_enabled=\u00bb0&#8243;][\/et_pb_fullwidth_header][\/et_pb_section][et_pb_section fb_built=\u00bb1&#8243; admin_label=\u00bbAbout Us\u00bb _builder_version=\u00bb4.16&#8243; custom_padding=\u00bb54px|0px|0|0px|false|false\u00bb global_colors_info=\u00bb{}\u00bb][et_pb_row _builder_version=\u00bb4.16&#8243; global_colors_info=\u00bb{}\u00bb][et_pb_column type=\u00bb4_4&#8243; _builder_version=\u00bb4.16&#8243; custom_padding=\u00bb|||\u00bb global_colors_info=\u00bb{}\u00bb custom_padding__hover=\u00bb|||\u00bb][et_pb_text _builder_version=\u00bb4.22.1&#8243; text_font=\u00bbUbuntu||||||||\u00bb text_text_color=\u00bb#000000&#8243; text_font_size=\u00bb15px\u00bb text_line_height=\u00bb2em\u00bb ul_font=\u00bb|700|||||||\u00bb ul_line_height=\u00bb2em\u00bb ol_font=\u00bb||||||||\u00bb header_font=\u00bb||||||||\u00bb header_2_font=\u00bbUbuntu|700|||||||\u00bb header_2_font_size=\u00bb40px\u00bb header_2_line_height=\u00bb1.4em\u00bb header_3_font=\u00bb||||||||\u00bb header_4_font=\u00bb||||||||\u00bb header_5_font=\u00bb||||||||\u00bb header_6_font=\u00bb||||||||\u00bb header_2_font_size_tablet=\u00bb\u00bb header_2_font_size_phone=\u00bb24px\u00bb header_2_font_size_last_edited=\u00bbon|phone\u00bb global_colors_info=\u00bb{}\u00bb]<\/p>\n<p style=\"text-align: justify;\"><strong>USO Y TRATAMIENTO DE DATOS DE CAR\u00c1CTER PERSONAL<\/strong><\/p>\n<p style=\"text-align: justify;\">Le informamos que los datos de car\u00e1cter personal que pudieran proporcionarse, a trav\u00e9s de este sitio web, as\u00ed como los que pudiera facilitar en el futuro en el marco de su relaci\u00f3n jur\u00eddica con esta entidad, ser\u00e1n incorporados a nuestra base de datos.<\/p>\n<p style=\"text-align: justify;\">Se informa sobre los siguientes extremos relativos a la protecci\u00f3n de datos:<\/p>\n<ul>\n<li style=\"text-align: justify;\">Responsable del tratamiento: Somos responsables de los datos recogidos en el formulario correspondiente.<br \/>Necesidad del tratamiento: La comunicaci\u00f3n de sus datos a trav\u00e9s del formulario correspondiente es obligatoria para podamos contactar.<\/li>\n<li style=\"text-align: justify;\">Finalidades del tratamiento y legitimaci\u00f3n del tratamiento:<br \/>Gestionar, administrar, prestarle los servicios o facilitarle los productos que solicite y, en su caso, para el cumplimiento y ejecuci\u00f3n de los contratos que pudiera celebrar, conocer mejor sus gustos, adecuar los servicios a sus preferencias.<\/li>\n<li style=\"text-align: justify;\">Enviarle, por correo postal, correo electr\u00f3nico y otros medios de comunicaci\u00f3n electr\u00f3nica equivalente, comunicaciones comerciales y publicitarias sobre nuestros productos y\/o servicios.<\/li>\n<li style=\"text-align: justify;\">Destinatarios: Contratamos con alguna entidad que prestan servicios como los de mantenimiento y hosting, a trav\u00e9s de contratos de encargo del tratamiento para dar soporte a los fines de tratamiento indicados.<\/li>\n<li style=\"text-align: justify;\">Plazo de conservaci\u00f3n de datos: Conservaremos sus datos mientras se mantenga el tratamiento y no solicite la supresi\u00f3n de los mismos.<\/li>\n<li style=\"text-align: justify;\">Derechos: Podr\u00e1 ejercitar los derechos de acceso, rectificaci\u00f3n, supresi\u00f3n, limitaci\u00f3n al tratamiento, oposici\u00f3n, portabilidad y derecho a no ser objeto de una decisi\u00f3n basada \u00fanicamente en el tratamiento automatizado, mediante comunicaci\u00f3n escrita al domicilio indicado en el aviso legal y a revocar su consentimiento sin efectos retroactivos u oponerse a la recepci\u00f3n de comunicaciones comerciales publicitarias por email y otros medios de comunicaci\u00f3n electr\u00f3nica equivalente, enviando y a presentar una reclamaci\u00f3n ante la Autoridad de control, en Espa\u00f1a, la Agencia Espa\u00f1ola de Protecci\u00f3n de Datos.<\/li>\n<li style=\"text-align: justify;\">Modificaci\u00f3n de la pol\u00edtica de privacidad: Nos reservamos el derecho a modificar su Pol\u00edtica de Privacidad, de acuerdo a nuestro propio criterio, o motivado por un cambio doctrinal de la Autoridad competente en Protecci\u00f3n de Datos, legislativo o jurisprudencial. El uso de la Web despu\u00e9s de dichos cambios implicar\u00e1 la aceptaci\u00f3n de \u00e9stos.<\/li>\n<li style=\"text-align: justify;\">Legislaci\u00f3n aplicable: Cualquier controversia que se derive del uso de este Site, ser\u00e1 regida, interpretada y sometida de acuerdo con las leyes de Espa\u00f1a.<\/li>\n<\/ul>\n<p>[\/et_pb_text][\/et_pb_column][\/et_pb_row][\/et_pb_section][et_pb_section fb_built=\u00bb1&#8243; _builder_version=\u00bb4.22.1&#8243; _module_preset=\u00bbdefault\u00bb global_colors_info=\u00bb{}\u00bb theme_builder_area=\u00bbpost_content\u00bb custom_margin=\u00bb||-61px|||\u00bb][et_pb_row column_structure=\u00bb1_3,1_3,1_3&#8243; _builder_version=\u00bb4.22.1&#8243; _module_preset=\u00bbdefault\u00bb global_colors_info=\u00bb{}\u00bb theme_builder_area=\u00bbpost_content\u00bb][et_pb_column type=\u00bb1_3&#8243; _builder_version=\u00bb4.22.1&#8243; _module_preset=\u00bbdefault\u00bb global_colors_info=\u00bb{}\u00bb theme_builder_area=\u00bbpost_content\u00bb][et_pb_image src=\u00bbhttp:\/\/plenitudsocial.es\/wp-content\/uploads\/2024\/04\/logo.png\u00bb title_text=\u00bblogo\u00bb _builder_version=\u00bb4.22.1&#8243; _module_preset=\u00bbdefault\u00bb global_colors_info=\u00bb{}\u00bb theme_builder_area=\u00bbpost_content\u00bb][\/et_pb_image][\/et_pb_column][et_pb_column type=\u00bb1_3&#8243; _builder_version=\u00bb4.22.1&#8243; _module_preset=\u00bbdefault\u00bb global_colors_info=\u00bb{}\u00bb theme_builder_area=\u00bbpost_content\u00bb][et_pb_text _builder_version=\u00bb4.22.1&#8243; _module_preset=\u00bbdefault\u00bb text_font=\u00bbUbuntu||||||||\u00bb text_text_color=\u00bb#000000&#8243; text_font_size=\u00bb18px\u00bb global_colors_info=\u00bb{}\u00bb theme_builder_area=\u00bbpost_content\u00bb]<\/p>\n<p><strong>CONTACT:\u00a0<\/strong><\/p>\n<p><a href=\"tel:979 743 879\">979 743 879 \/ 610 215 879<\/a><\/p>\n<p><a href=\"mailto:plenitud@plenitudsocial.es\">plenitud@plenitudsocial.es<\/a><\/p>\n<p><a href=\"https:\/\/maps.app.goo.gl\/qmNuSk3GmxKSgrwQ9\">Street Woman Palencia, 4 low, 34002, Palencia<\/a><\/p>\n<p>[\/et_pb_text][\/et_pb_column][et_pb_column type=\u00bb1_3&#8243; _builder_version=\u00bb4.22.1&#8243; _module_preset=\u00bbdefault\u00bb global_colors_info=\u00bb{}\u00bb theme_builder_area=\u00bbpost_content\u00bb][et_pb_text _builder_version=\u00bb4.22.1&#8243; _module_preset=\u00bbdefault\u00bb text_font=\u00bbUbuntu||||||||\u00bb text_text_color=\u00bb#000000&#8243; text_font_size=\u00bb18px\u00bb global_colors_info=\u00bb{}\u00bb theme_builder_area=\u00bbpost_content\u00bb]<\/p>\n<p><strong>LEGAL LINKS:\u00a0<\/strong><\/p>\n<p><a href=\"https:\/\/plenitudsocial.es\/en\/aviso-legal\/\">Legal Notice<\/a><\/p>\n<p><a href=\"https:\/\/plenitudsocial.es\/en\/politica-de-privacidad\/\">Privacy policy <\/a><\/p>\n<p><a href=\"https:\/\/plenitudsocial.es\/en\/politica-de-cookies\/\">Cookie policy<\/a><\/p>\n<p>[\/et_pb_text][\/et_pb_column][\/et_pb_row][\/et_pb_section]<\/p>","protected":false},"excerpt":{"rendered":"<p>USO Y TRATAMIENTO DE DATOS DE CAR\u00c1CTER PERSONAL Le informamos que los datos de car\u00e1cter personal que pudieran proporcionarse, a trav\u00e9s de este sitio web, as\u00ed como los que pudiera facilitar en el futuro en el marco de su relaci\u00f3n jur\u00eddica con esta entidad, ser\u00e1n incorporados a nuestra base de datos. Se informa sobre los [&hellip;]<\/p>","protected":false},"author":1,"featured_media":0,"parent":0,"menu_order":0,"comment_status":"closed","ping_status":"closed","template":"","meta":{"_et_pb_use_builder":"on","_et_pb_old_content":"","_et_gb_content_width":"","footnotes":""},"class_list":["post-3471","page","type-page","status-publish","hentry"],"yoast_head":"<!-- This site is optimized with the Yoast SEO plugin v25.3.1 - https:\/\/yoast.com\/wordpress\/plugins\/seo\/ -->\n<title>Pol\u00edtica de Privacidad - Plenitud Social<\/title>\n<meta name=\"robots\" content=\"index, follow, max-snippet:-1, max-image-preview:large, max-video-preview:-1\" \/>\n<link rel=\"canonical\" href=\"http:\/\/plenitudsocial.es\/en\/politica-de-privacidad\/\" \/>\n<meta property=\"og:locale\" content=\"en_GB\" \/>\n<meta property=\"og:type\" content=\"article\" \/>\n<meta property=\"og:title\" content=\"Pol\u00edtica de Privacidad - Plenitud Social\" \/>\n<meta property=\"og:description\" content=\"USO Y TRATAMIENTO DE DATOS DE CAR\u00c1CTER PERSONAL Le informamos que los datos de car\u00e1cter personal que pudieran proporcionarse, a trav\u00e9s de este sitio web, as\u00ed como los que pudiera facilitar en el futuro en el marco de su relaci\u00f3n jur\u00eddica con esta entidad, ser\u00e1n incorporados a nuestra base de datos. Se informa sobre los [&hellip;]\" \/>\n<meta property=\"og:url\" content=\"http:\/\/plenitudsocial.es\/en\/politica-de-privacidad\/\" \/>\n<meta property=\"og:site_name\" content=\"Plenitud Social\" \/>\n<meta property=\"article:modified_time\" content=\"2024-04-15T10:08:48+00:00\" \/>\n<meta name=\"twitter:card\" content=\"summary_large_image\" \/>\n<meta name=\"twitter:label1\" content=\"Estimated reading time\" \/>\n\t<meta name=\"twitter:data1\" content=\"6 minutes\" \/>\n<script type=\"application\/ld+json\" class=\"yoast-schema-graph\">{\"@context\":\"https:\/\/schema.org\",\"@graph\":[{\"@type\":\"WebPage\",\"@id\":\"http:\/\/plenitudsocial.es\/en\/politica-de-privacidad\/\",\"url\":\"http:\/\/plenitudsocial.es\/en\/politica-de-privacidad\/\",\"name\":\"Pol\u00edtica de Privacidad - Plenitud Social\",\"isPartOf\":{\"@id\":\"http:\/\/plenitudsocial.es\/#website\"},\"datePublished\":\"2024-04-15T09:47:19+00:00\",\"dateModified\":\"2024-04-15T10:08:48+00:00\",\"breadcrumb\":{\"@id\":\"http:\/\/plenitudsocial.es\/en\/politica-de-privacidad\/#breadcrumb\"},\"inLanguage\":\"en-GB\",\"potentialAction\":[{\"@type\":\"ReadAction\",\"target\":[\"http:\/\/plenitudsocial.es\/en\/politica-de-privacidad\/\"]}]},{\"@type\":\"BreadcrumbList\",\"@id\":\"http:\/\/plenitudsocial.es\/en\/politica-de-privacidad\/#breadcrumb\",\"itemListElement\":[{\"@type\":\"ListItem\",\"position\":1,\"name\":\"Portada\",\"item\":\"http:\/\/plenitudsocial.es\/\"},{\"@type\":\"ListItem\",\"position\":2,\"name\":\"Pol\u00edtica de Privacidad\"}]},{\"@type\":\"WebSite\",\"@id\":\"http:\/\/plenitudsocial.es\/#website\",\"url\":\"http:\/\/plenitudsocial.es\/\",\"name\":\"Plenitud Social\",\"description\":\"Plenitud Social es una empresa dedicada al cuidado de las personas dependientes que necesitan una atenci\u00f3n personalizada y continuada.\",\"potentialAction\":[{\"@type\":\"SearchAction\",\"target\":{\"@type\":\"EntryPoint\",\"urlTemplate\":\"http:\/\/plenitudsocial.es\/?s={search_term_string}\"},\"query-input\":{\"@type\":\"PropertyValueSpecification\",\"valueRequired\":true,\"valueName\":\"search_term_string\"}}],\"inLanguage\":\"en-GB\"}]}<\/script>\n<!-- \/ Yoast SEO plugin. -->","yoast_head_json":{"title":"Pol\u00edtica de Privacidad - Plenitud Social","robots":{"index":"index","follow":"follow","max-snippet":"max-snippet:-1","max-image-preview":"max-image-preview:large","max-video-preview":"max-video-preview:-1"},"canonical":"http:\/\/plenitudsocial.es\/en\/politica-de-privacidad\/","og_locale":"en_GB","og_type":"article","og_title":"Pol\u00edtica de Privacidad - Plenitud Social","og_description":"USO Y TRATAMIENTO DE DATOS DE CAR\u00c1CTER PERSONAL Le informamos que los datos de car\u00e1cter personal que pudieran proporcionarse, a trav\u00e9s de este sitio web, as\u00ed como los que pudiera facilitar en el futuro en el marco de su relaci\u00f3n jur\u00eddica con esta entidad, ser\u00e1n incorporados a nuestra base de datos. Se informa sobre los [&hellip;]","og_url":"http:\/\/plenitudsocial.es\/en\/politica-de-privacidad\/","og_site_name":"Plenitud Social","article_modified_time":"2024-04-15T10:08:48+00:00","twitter_card":"summary_large_image","twitter_misc":{"Estimated reading time":"6 minutes"},"schema":{"@context":"https:\/\/schema.org","@graph":[{"@type":"WebPage","@id":"http:\/\/plenitudsocial.es\/en\/politica-de-privacidad\/","url":"http:\/\/plenitudsocial.es\/en\/politica-de-privacidad\/","name":"Pol\u00edtica de Privacidad - Plenitud Social","isPartOf":{"@id":"http:\/\/plenitudsocial.es\/#website"},"datePublished":"2024-04-15T09:47:19+00:00","dateModified":"2024-04-15T10:08:48+00:00","breadcrumb":{"@id":"http:\/\/plenitudsocial.es\/en\/politica-de-privacidad\/#breadcrumb"},"inLanguage":"en-GB","potentialAction":[{"@type":"ReadAction","target":["http:\/\/plenitudsocial.es\/en\/politica-de-privacidad\/"]}]},{"@type":"BreadcrumbList","@id":"http:\/\/plenitudsocial.es\/en\/politica-de-privacidad\/#breadcrumb","itemListElement":[{"@type":"ListItem","position":1,"name":"Portada","item":"http:\/\/plenitudsocial.es\/"},{"@type":"ListItem","position":2,"name":"Pol\u00edtica de Privacidad"}]},{"@type":"WebSite","@id":"http:\/\/plenitudsocial.es\/#website","url":"http:\/\/plenitudsocial.es\/","name":"Plenitud Social","description":"Plenitud Social es una empresa dedicada al cuidado de las personas dependientes que necesitan una atenci\u00f3n personalizada y continuada.","potentialAction":[{"@type":"SearchAction","target":{"@type":"EntryPoint","urlTemplate":"http:\/\/plenitudsocial.es\/?s={search_term_string}"},"query-input":{"@type":"PropertyValueSpecification","valueRequired":true,"valueName":"search_term_string"}}],"inLanguage":"en-GB"}]}},"_links":{"self":[{"href":"https:\/\/plenitudsocial.es\/en\/wp-json\/wp\/v2\/pages\/3471","targetHints":{"allow":["GET"]}}],"collection":[{"href":"https:\/\/plenitudsocial.es\/en\/wp-json\/wp\/v2\/pages"}],"about":[{"href":"https:\/\/plenitudsocial.es\/en\/wp-json\/wp\/v2\/types\/page"}],"author":[{"embeddable":true,"href":"https:\/\/plenitudsocial.es\/en\/wp-json\/wp\/v2\/users\/1"}],"replies":[{"embeddable":true,"href":"https:\/\/plenitudsocial.es\/en\/wp-json\/wp\/v2\/comments?post=3471"}],"version-history":[{"count":4,"href":"https:\/\/plenitudsocial.es\/en\/wp-json\/wp\/v2\/pages\/3471\/revisions"}],"predecessor-version":[{"id":3491,"href":"https:\/\/plenitudsocial.es\/en\/wp-json\/wp\/v2\/pages\/3471\/revisions\/3491"}],"wp:attachment":[{"href":"https:\/\/plenitudsocial.es\/en\/wp-json\/wp\/v2\/media?parent=3471"}],"curies":[{"name":"wp","href":"https:\/\/api.w.org\/{rel}","templated":true}]}}