{"id":3500,"date":"2024-04-15T12:23:57","date_gmt":"2024-04-15T10:23:57","guid":{"rendered":"https:\/\/plenitudsocial.es\/?page_id=3500"},"modified":"2024-04-16T13:23:13","modified_gmt":"2024-04-16T11:23:13","slug":"quienes-somos","status":"publish","type":"page","link":"http:\/\/plenitudsocial.es\/en\/quienes-somos\/","title":{"rendered":"Who We Are"},"content":{"rendered":"<p>[et_pb_section fb_built=\u00bb1&#8243; fullwidth=\u00bbon\u00bb admin_label=\u00bbHeader\u00bb _builder_version=\u00bb4.22.1&#8243; background_image=\u00bbhttp:\/\/plenitudsocial.es\/wp-content\/uploads\/2024\/04\/2148962375.jpg\u00bb custom_margin=\u00bb|||\u00bb custom_padding=\u00bb|||\u00bb global_colors_info=\u00bb{}\u00bb][et_pb_fullwidth_header title=\u00bbQui\u00e9nes somos\u00bb button_one_url=\u00bb#\u00bb button_two_url=\u00bb#\u00bb scroll_down_icon_size_tablet=\u00bb\u00bb scroll_down_icon_size_phone=\u00bb\u00bb scroll_down_icon_size_last_edited=\u00bbon|phone\u00bb _builder_version=\u00bb4.22.1&#8243; title_font=\u00bbUbuntu|700|||||||\u00bb title_font_size=\u00bb70px\u00bb title_line_height=\u00bb1.2em\u00bb content_font=\u00bb|600|||||||\u00bb content_font_size=\u00bb20px\u00bb content_line_height=\u00bb2em\u00bb background_color=\u00bbrgba(255,255,255,0)\u00bb use_background_color_gradient=\u00bbon\u00bb background_color_gradient_type=\u00bbcircular\u00bb background_color_gradient_direction_radial=\u00bbright\u00bb background_color_gradient_stops=\u00bbrgba(255,255,255,0) 0%|#ffffff 70%\u00bb background_color_gradient_start=\u00bbrgba(255,255,255,0)\u00bb background_color_gradient_end=\u00bb#ffffff\u00bb background_color_gradient_end_position=\u00bb70%\u00bb background_image=\u00bbhttp:\/\/plenitudsocial.es\/wp-content\/uploads\/2024\/04\/cleaning-services-01.png\u00bb custom_button_one=\u00bbon\u00bb button_one_text_size=\u00bb18px\u00bb button_one_text_color=\u00bb#ffffff\u00bb button_one_bg_color=\u00bb#f2835a\u00bb button_one_bg_color_gradient_direction=\u00bb90deg\u00bb button_one_bg_color_gradient_stops=\u00bb#f2835a 0%|#fab993 100%\u00bb button_one_bg_color_gradient_overlays_image=\u00bbon\u00bb button_one_bg_color_gradient_start=\u00bb#f2835a\u00bb button_one_bg_color_gradient_end=\u00bb#fab993&#8243; button_one_border_width=\u00bb10px\u00bb button_one_border_color=\u00bb#f2835a\u00bb button_one_border_radius=\u00bb0px\u00bb button_one_font=\u00bbUbuntu|700|||||||\u00bb custom_button_two=\u00bbon\u00bb button_two_text_size=\u00bb18px\u00bb button_two_text_color=\u00bb#ffffff\u00bb button_two_bg_color=\u00bb#557df3&#8243; button_two_border_width=\u00bb10px\u00bb button_two_border_color=\u00bb#557df3&#8243; button_two_border_radius=\u00bb0px\u00bb button_two_font=\u00bbUbuntu|700|||||||\u00bb background_layout=\u00bblight\u00bb custom_padding=\u00bb6vw||6vw||true\u00bb custom_padding_tablet=\u00bb||||false\u00bb custom_padding_phone=\u00bb3vw||3vw||true\u00bb custom_padding_last_edited=\u00bbon|phone\u00bb animation_style=\u00bbfade\u00bb title_font_size_tablet=\u00bb35px\u00bb title_font_size_phone=\u00bb25px\u00bb title_font_size_last_edited=\u00bbon|phone\u00bb content_font_size_tablet=\u00bb16px\u00bb content_font_size_phone=\u00bb14px\u00bb content_font_size_last_edited=\u00bbon|phone\u00bb button_one_text_size_tablet=\u00bb\u00bb button_one_text_size_phone=\u00bb\u00bb button_one_text_size_last_edited=\u00bbon|desktop\u00bb button_one_border_radius_hover=\u00bb0px\u00bb button_two_border_radius_hover=\u00bb0px\u00bb global_colors_info=\u00bb{}\u00bb button_one_text_size__hover_enabled=\u00bboff\u00bb button_two_text_size__hover_enabled=\u00bboff\u00bb button_one_text_color__hover_enabled=\u00bboff\u00bb button_two_text_color__hover_enabled=\u00bboff\u00bb button_one_border_width__hover_enabled=\u00bboff\u00bb button_two_border_width__hover_enabled=\u00bboff\u00bb button_one_border_color__hover_enabled=\u00bboff\u00bb button_two_border_color__hover_enabled=\u00bboff\u00bb button_one_border_radius__hover_enabled=\u00bbon\u00bb button_one_border_radius__hover=\u00bb0px\u00bb button_two_border_radius__hover_enabled=\u00bbon\u00bb button_two_border_radius__hover=\u00bb0px\u00bb button_one_letter_spacing__hover_enabled=\u00bboff\u00bb button_two_letter_spacing__hover_enabled=\u00bboff\u00bb button_one_bg_color__hover_enabled=\u00bboff\u00bb button_two_bg_color__hover_enabled=\u00bboff\u00bb][\/et_pb_fullwidth_header][\/et_pb_section][et_pb_section fb_built=\u00bb1&#8243; admin_label=\u00bbAbout Us\u00bb _builder_version=\u00bb4.16&#8243; custom_padding=\u00bb54px|0px|0|0px|false|false\u00bb global_colors_info=\u00bb{}\u00bb][et_pb_row column_structure=\u00bb2_3,1_3&#8243; _builder_version=\u00bb4.16&#8243; global_colors_info=\u00bb{}\u00bb][et_pb_column type=\u00bb2_3&#8243; _builder_version=\u00bb4.16&#8243; custom_padding=\u00bb|||\u00bb global_colors_info=\u00bb{}\u00bb custom_padding__hover=\u00bb|||\u00bb][et_pb_text _builder_version=\u00bb4.22.1&#8243; text_font=\u00bbUbuntu||||||||\u00bb text_text_color=\u00bb#000000&#8243; text_font_size=\u00bb15px\u00bb text_line_height=\u00bb2em\u00bb ul_font=\u00bb|700|||||||\u00bb ul_line_height=\u00bb2em\u00bb ol_font=\u00bb||||||||\u00bb header_font=\u00bbUbuntu||||||||\u00bb header_2_font=\u00bbUbuntu|700|||||||\u00bb header_2_font_size=\u00bb40px\u00bb header_2_line_height=\u00bb1.4em\u00bb header_3_font=\u00bb||||||||\u00bb header_4_font=\u00bb||||||||\u00bb header_5_font=\u00bb||||||||\u00bb header_6_font=\u00bb||||||||\u00bb header_2_font_size_tablet=\u00bb\u00bb header_2_font_size_phone=\u00bb24px\u00bb header_2_font_size_last_edited=\u00bbon|phone\u00bb global_colors_info=\u00bb{}\u00bb]<\/p>\n<h2>Our team<\/h2>\n<p>Fullness Social opens its doors in the year 2007, in Palencia, in order to make more easy the life of our clients, offering them their services, professionalism, dedication and experience, both in homes and in hospitals.<\/p>\n<p>We are a company duly accredited to meet all the requirements set by the Law of Dependence and power play and our services.<\/p>\n<p>The staff that form part of our company is prepared to carry out various tasks related to the domestic service, and care at home, among which we highlight caring for the sick, children and the elderly, assistance and care at home, continued or at specific times.<br \/>\u200b<br \/>We offer a fully customized and adapted to the characteristics and needs of our customers, giving you a quote without any commitment. Visit us, you will be delighted.<\/p>\n<p>&nbsp;<\/p>\n<p>[\/et_pb_text][\/et_pb_column][et_pb_column type=\u00bb1_3&#8243; _builder_version=\u00bb4.16&#8243; custom_padding=\u00bb|||\u00bb global_colors_info=\u00bb{}\u00bb custom_padding__hover=\u00bb|||\u00bb][\/et_pb_column][\/et_pb_row][et_pb_row column_structure=\u00bb1_3,2_3&#8243; make_equal=\u00bbon\u00bb padding_top_bottom_link_2=\u00bbtrue\u00bb padding_left_right_link_2=\u00bbtrue\u00bb _builder_version=\u00bb4.22.1&#8243; background_color=\u00bb#ffffff\u00bb background_color_gradient_direction=\u00bb90deg\u00bb custom_margin=\u00bb40px||||false\u00bb custom_margin_tablet=\u00bb80px|||10%\u00bb custom_margin_last_edited=\u00bboff|desktop\u00bb custom_padding=\u00bb0|0px|0|0px|true|false\u00bb animation_style=\u00bbslide\u00bb animation_direction=\u00bbright\u00bb animation_intensity_slide=\u00bb2%\u00bb box_shadow_style=\u00bbpreset3&#8243; box_shadow_vertical=\u00bb20px\u00bb box_shadow_blur=\u00bb250px\u00bb box_shadow_spread=\u00bb0px\u00bb box_shadow_color=\u00bbrgba(48,106,255,0.16)\u00bb global_colors_info=\u00bb{}\u00bb][et_pb_column type=\u00bb1_3&#8243; _builder_version=\u00bb4.22.1&#8243; background_image=\u00bbhttp:\/\/plenitudsocial.es\/wp-content\/uploads\/2024\/04\/2150216388.jpg\u00bb custom_padding=\u00bb|||\u00bb custom_padding_tablet=\u00bb0%||0%||true\u00bb custom_padding_phone=\u00bb0%||0%|\u00bb custom_padding_last_edited=\u00bboff|desktop\u00bb global_colors_info=\u00bb{}\u00bb padding_phone=\u00bb0%||0%|\u00bb padding_tablet=\u00bb0%||0%||true\u00bb padding_last_edited=\u00bboff|desktop\u00bb custom_padding__hover=\u00bb|||\u00bb][et_pb_divider show_divider=\u00bboff\u00bb _builder_version=\u00bb4.16&#8243; height=\u00bb300px\u00bb global_colors_info=\u00bb{}\u00bb][\/et_pb_divider][\/et_pb_column][et_pb_column type=\u00bb2_3&#8243; _builder_version=\u00bb4.16&#8243; custom_padding=\u00bb60px|5%|60px|5%\u00bb global_colors_info=\u00bb{}\u00bb custom_padding__hover=\u00bb|||\u00bb][et_pb_text _builder_version=\u00bb4.22.1&#8243; text_font=\u00bb||||||||\u00bb text_font_size=\u00bb15px\u00bb text_line_height=\u00bb2em\u00bb ul_font=\u00bb|700|||||||\u00bb ul_line_height=\u00bb2em\u00bb ol_font=\u00bb||||||||\u00bb header_font=\u00bb||||||||\u00bb header_2_font=\u00bbUbuntu|700|||||||\u00bb header_2_font_size=\u00bb40px\u00bb header_2_line_height=\u00bb1.4em\u00bb header_3_font=\u00bb||||||||\u00bb header_4_font=\u00bb||||||||\u00bb header_5_font=\u00bb||||||||\u00bb header_6_font=\u00bb||||||||\u00bb header_2_font_size_tablet=\u00bb\u00bb header_2_font_size_phone=\u00bb24px\u00bb header_2_font_size_last_edited=\u00bbon|phone\u00bb locked=\u00bboff\u00bb global_colors_info=\u00bb{}\u00bb]<\/p>\n<h2>What can we do for you?<\/h2>\n<p>Our company is specialized in the care of people in need of help or ongoing care and in home services. We have a team of specialists trained to deal with any emergency.<\/p>\n<ul>\n<li>Home help<\/li>\n<li>Assistance geriatr\u00edca<\/li>\n<li>Care for the sick<\/li>\n<li>Household chores<\/li>\n<li>Wash and iron\u00a0<\/li>\n<li>Preparation of meals<\/li>\n<li>Company<\/li>\n<li>Care of babies and children<\/li>\n<li>Internal staff<\/li>\n<\/ul>\n<p>[\/et_pb_text][et_pb_button button_text=\u00bbVER M\u00c1S SERVICIOS\u00bb _builder_version=\u00bb4.22.1&#8243; custom_button=\u00bbon\u00bb button_text_size=\u00bb18px\u00bb button_text_color=\u00bb#ffffff\u00bb button_bg_color=\u00bb#86764e\u00bb button_border_width=\u00bb10px\u00bb button_border_color=\u00bb#86764e\u00bb button_border_radius=\u00bb0px\u00bb button_font=\u00bbUbuntu|700|||||||\u00bb custom_margin=\u00bb|||\u00bb animation_style=\u00bbslide\u00bb animation_direction=\u00bbright\u00bb hover_enabled=\u00bb0&#8243; button_border_radius_hover=\u00bb0px\u00bb locked=\u00bboff\u00bb global_colors_info=\u00bb{}\u00bb button_text_size__hover_enabled=\u00bboff\u00bb button_one_text_size__hover_enabled=\u00bboff\u00bb button_two_text_size__hover_enabled=\u00bboff\u00bb button_text_color__hover_enabled=\u00bboff\u00bb button_one_text_color__hover_enabled=\u00bboff\u00bb button_two_text_color__hover_enabled=\u00bboff\u00bb button_border_width__hover_enabled=\u00bboff\u00bb button_one_border_width__hover_enabled=\u00bboff\u00bb button_two_border_width__hover_enabled=\u00bboff\u00bb button_border_color__hover_enabled=\u00bboff\u00bb button_one_border_color__hover_enabled=\u00bboff\u00bb button_two_border_color__hover_enabled=\u00bboff\u00bb button_border_radius__hover_enabled=\u00bbon\u00bb button_border_radius__hover=\u00bb0px\u00bb button_one_border_radius__hover_enabled=\u00bboff\u00bb button_two_border_radius__hover_enabled=\u00bboff\u00bb button_letter_spacing__hover_enabled=\u00bboff\u00bb button_one_letter_spacing__hover_enabled=\u00bboff\u00bb button_two_letter_spacing__hover_enabled=\u00bboff\u00bb button_bg_color__hover_enabled=\u00bboff\u00bb button_one_bg_color__hover_enabled=\u00bboff\u00bb button_two_bg_color__hover_enabled=\u00bboff\u00bb button_url=\u00bb@ET-DC@eyJkeW5hbWljIjp0cnVlLCJjb250ZW50IjoicG9zdF9saW5rX3VybF9wYWdlIiwic2V0dGluZ3MiOnsicG9zdF9pZCI6IjM1NTkifX0=@\u00bb _dynamic_attributes=\u00bbbutton_url\u00bb sticky_enabled=\u00bb0&#8243;][\/et_pb_button][\/et_pb_column][\/et_pb_row][\/et_pb_section][et_pb_section fb_built=\u00bb1&#8243; admin_label=\u00bbFeatures\u00bb _builder_version=\u00bb4.22.1&#8243; background_color=\u00bb#ffffff\u00bb background_image=\u00bbhttp:\/\/plenitudsocial.es\/wp-content\/uploads\/2024\/04\/Diseno-sin-titulo.jpg\u00bb max_width=\u00bb90%\u00bb max_width_tablet=\u00bb90%\u00bb max_width_phone=\u00bb100%\u00bb max_width_last_edited=\u00bbon|phone\u00bb module_alignment=\u00bbright\u00bb custom_margin=\u00bb|||\u00bb animation_style=\u00bbslide\u00bb animation_direction=\u00bbright\u00bb animation_intensity_slide=\u00bb5%\u00bb border_radii=\u00bbon|6px|6px|6px|6px\u00bb box_shadow_style=\u00bbpreset3&#8243; box_shadow_horizontal=\u00bb-60px\u00bb box_shadow_vertical=\u00bb-60px\u00bb box_shadow_blur=\u00bb200px\u00bb box_shadow_spread=\u00bb-40px\u00bb box_shadow_color=\u00bbrgba(48,106,255,0.16)\u00bb global_colors_info=\u00bb{}\u00bb][et_pb_row _builder_version=\u00bb4.22.1&#8243; _module_preset=\u00bbdefault\u00bb global_colors_info=\u00bb{}\u00bb][et_pb_column type=\u00bb4_4&#8243; _builder_version=\u00bb4.22.1&#8243; _module_preset=\u00bbdefault\u00bb global_colors_info=\u00bb{}\u00bb][et_pb_text _builder_version=\u00bb4.22.1&#8243; text_font=\u00bb||||||||\u00bb text_font_size=\u00bb16px\u00bb text_line_height=\u00bb2em\u00bb header_font=\u00bb||||||||\u00bb header_font_size=\u00bb32px\u00bb header_4_font=\u00bbUbuntu|700|||||||\u00bb header_4_font_size=\u00bb24px\u00bb header_4_line_height=\u00bb1.2em\u00bb header_4_font_size_tablet=\u00bb\u00bb header_4_font_size_phone=\u00bb16px\u00bb header_4_font_size_last_edited=\u00bbon|phone\u00bb global_colors_info=\u00bb{}\u00bb]<\/p>\n<h4 style=\"text-align: center;\"><span style=\"font-size: xx-large;\">Our <\/span><span style=\"font-size: xx-large;\">Values<\/span><\/h4>\n<p>[\/et_pb_text][et_pb_icon font_icon=\u00bb&#xf24e;||fa||900&#8243; icon_width=\u00bb58px\u00bb _builder_version=\u00bb4.22.1&#8243; _module_preset=\u00bbdefault\u00bb global_colors_info=\u00bb{}\u00bb][\/et_pb_icon][\/et_pb_column][\/et_pb_row][et_pb_row column_structure=\u00bb1_4,1_4,1_4,1_4&#8243; _builder_version=\u00bb4.22.1&#8243; global_colors_info=\u00bb{}\u00bb][et_pb_column type=\u00bb1_4&#8243; _builder_version=\u00bb4.22.1&#8243; custom_padding=\u00bb|||\u00bb global_colors_info=\u00bb{}\u00bb custom_padding__hover=\u00bb|||\u00bb][et_pb_text _builder_version=\u00bb4.22.1&#8243; text_font=\u00bb||||||||\u00bb text_font_size=\u00bb15px\u00bb text_line_height=\u00bb2em\u00bb header_font=\u00bb||||||||\u00bb header_4_font=\u00bbUbuntu|700|||||||\u00bb header_4_font_size=\u00bb24px\u00bb header_4_line_height=\u00bb1.2em\u00bb header_4_font_size_tablet=\u00bb\u00bb header_4_font_size_phone=\u00bb16px\u00bb header_4_font_size_last_edited=\u00bbon|phone\u00bb global_colors_info=\u00bb{}\u00bb]<\/p>\n<h4>Trusted<\/h4>\n<p>[\/et_pb_text][\/et_pb_column][et_pb_column type=\u00bb1_4&#8243; _builder_version=\u00bb4.16&#8243; custom_padding=\u00bb|||\u00bb global_colors_info=\u00bb{}\u00bb custom_padding__hover=\u00bb|||\u00bb][et_pb_text _builder_version=\u00bb4.22.1&#8243; text_font=\u00bb||||||||\u00bb text_font_size=\u00bb15px\u00bb text_line_height=\u00bb2em\u00bb header_font=\u00bb||||||||\u00bb header_4_font=\u00bbUbuntu|700|||||||\u00bb header_4_font_size=\u00bb24px\u00bb header_4_line_height=\u00bb1.2em\u00bb header_4_font_size_tablet=\u00bb\u00bb header_4_font_size_phone=\u00bb16px\u00bb header_4_font_size_last_edited=\u00bbon|phone\u00bb global_colors_info=\u00bb{}\u00bb]<\/p>\n<h4>Attention<\/h4>\n<p>[\/et_pb_text][\/et_pb_column][et_pb_column type=\u00bb1_4&#8243; _builder_version=\u00bb4.16&#8243; custom_padding=\u00bb|||\u00bb global_colors_info=\u00bb{}\u00bb custom_padding__hover=\u00bb|||\u00bb][et_pb_text _builder_version=\u00bb4.22.1&#8243; text_font=\u00bb||||||||\u00bb text_font_size=\u00bb15px\u00bb text_line_height=\u00bb2em\u00bb header_font=\u00bb||||||||\u00bb header_4_font=\u00bbUbuntu|700|||||||\u00bb header_4_font_size=\u00bb24px\u00bb header_4_line_height=\u00bb1.2em\u00bb header_4_font_size_tablet=\u00bb\u00bb header_4_font_size_phone=\u00bb16px\u00bb header_4_font_size_last_edited=\u00bbon|phone\u00bb global_colors_info=\u00bb{}\u00bb]<\/p>\n<h4>Love<\/h4>\n<p>[\/et_pb_text][\/et_pb_column][et_pb_column type=\u00bb1_4&#8243; _builder_version=\u00bb4.16&#8243; custom_padding=\u00bb|||\u00bb global_colors_info=\u00bb{}\u00bb custom_padding__hover=\u00bb|||\u00bb][et_pb_text _builder_version=\u00bb4.22.1&#8243; text_font=\u00bb||||||||\u00bb text_font_size=\u00bb15px\u00bb text_line_height=\u00bb2em\u00bb header_font=\u00bb||||||||\u00bb header_4_font=\u00bbUbuntu|700|||||||\u00bb header_4_font_size=\u00bb24px\u00bb header_4_line_height=\u00bb1.2em\u00bb header_4_font_size_tablet=\u00bb\u00bb header_4_font_size_phone=\u00bb16px\u00bb header_4_font_size_last_edited=\u00bbon|phone\u00bb global_colors_info=\u00bb{}\u00bb]<\/p>\n<h4>Peace of mind<\/h4>\n<p>[\/et_pb_text][\/et_pb_column][\/et_pb_row][\/et_pb_section][et_pb_section fb_built=\u00bb1&#8243; admin_label=\u00bbWhat we Do\u00bb _builder_version=\u00bb4.22.1&#8243; use_background_color_gradient=\u00bbon\u00bb background_color_gradient_direction=\u00bb90deg\u00bb background_color_gradient_stops=\u00bb#86764e 0%|#b1a58c 100%\u00bb background_color_gradient_start=\u00bb#557df3&#8243; background_color_gradient_end=\u00bb#8ce8ff\u00bb max_width=\u00bb90%\u00bb max_width_tablet=\u00bb90%\u00bb max_width_phone=\u00bb100%\u00bb max_width_last_edited=\u00bbon|phone\u00bb animation_style=\u00bbslide\u00bb animation_direction=\u00bbright\u00bb animation_intensity_slide=\u00bb5%\u00bb border_radii=\u00bbon|6px|6px|6px|6px\u00bb box_shadow_style=\u00bbpreset4&#8243; box_shadow_horizontal=\u00bb20px\u00bb box_shadow_vertical=\u00bb20px\u00bb box_shadow_color=\u00bbrgba(177,165,140,0.6)\u00bb global_colors_info=\u00bb{}\u00bb][et_pb_row column_structure=\u00bb1_3,1_3,1_3&#8243; _builder_version=\u00bb4.16&#8243; global_colors_info=\u00bb{}\u00bb][et_pb_column type=\u00bb1_3&#8243; _builder_version=\u00bb4.16&#8243; custom_padding=\u00bb|||\u00bb global_colors_info=\u00bb{}\u00bb custom_padding__hover=\u00bb|||\u00bb][et_pb_number_counter title=\u00bbA\u00d1OS DE EXPERIENCIA\u00bb number=\u00bb+15&#8243; percent_sign=\u00bboff\u00bb _builder_version=\u00bb4.22.1&#8243; _module_preset=\u00bbdefault\u00bb title_font=\u00bbUbuntu|700|||||||\u00bb number_font=\u00bbUbuntu|700|||||||\u00bb number_text_color=\u00bb#FFFFFF\u00bb background_layout=\u00bbdark\u00bb global_colors_info=\u00bb{}\u00bb][\/et_pb_number_counter][\/et_pb_column][et_pb_column type=\u00bb1_3&#8243; _builder_version=\u00bb4.16&#8243; custom_padding=\u00bb|||\u00bb global_colors_info=\u00bb{}\u00bb custom_padding__hover=\u00bb|||\u00bb][et_pb_number_counter title=\u00bbPERSONAS ATENDIDAS\u00bb number=\u00bb100.000&#8243; percent_sign=\u00bboff\u00bb _builder_version=\u00bb4.22.1&#8243; _module_preset=\u00bbdefault\u00bb title_font=\u00bbUbuntu|700|||||||\u00bb number_font=\u00bbUbuntu|700|||||||\u00bb number_text_color=\u00bb#FFFFFF\u00bb background_layout=\u00bbdark\u00bb global_colors_info=\u00bb{}\u00bb][\/et_pb_number_counter][\/et_pb_column][et_pb_column type=\u00bb1_3&#8243; _builder_version=\u00bb4.16&#8243; custom_padding=\u00bb|||\u00bb global_colors_info=\u00bb{}\u00bb custom_padding__hover=\u00bb|||\u00bb][et_pb_number_counter title=\u00bbDISPONIBLES\u00bb number=\u00bb24H.\u00bb percent_sign=\u00bboff\u00bb _builder_version=\u00bb4.22.1&#8243; _module_preset=\u00bbdefault\u00bb title_font=\u00bbUbuntu|700|||||||\u00bb number_font=\u00bbUbuntu|700|||||||\u00bb number_text_color=\u00bb#FFFFFF\u00bb background_layout=\u00bbdark\u00bb global_colors_info=\u00bb{}\u00bb][\/et_pb_number_counter][\/et_pb_column][\/et_pb_row][\/et_pb_section][et_pb_section fb_built=\u00bb1&#8243; admin_label=\u00bbTeam\u00bb _builder_version=\u00bb4.16&#8243; custom_padding=\u00bb54px|0px|0|0px|false|false\u00bb global_colors_info=\u00bb{}\u00bb][et_pb_row _builder_version=\u00bb4.22.1&#8243; _module_preset=\u00bbdefault\u00bb global_colors_info=\u00bb{}\u00bb][et_pb_column type=\u00bb4_4&#8243; _builder_version=\u00bb4.22.1&#8243; _module_preset=\u00bbdefault\u00bb global_colors_info=\u00bb{}\u00bb][et_pb_text _builder_version=\u00bb4.22.1&#8243; _module_preset=\u00bbdefault\u00bb text_font=\u00bbUbuntu||||||||\u00bb header_font=\u00bbUbuntu||||||||\u00bb text_orientation=\u00bbcenter\u00bb inline_fonts=\u00bbUbuntu\u00bb global_colors_info=\u00bb{}\u00bb]<\/p>\n<h1><span style=\"font-size: xx-large;\"><strong><span style=\"font-family: Ubuntu;\">As we select our staff<\/span><\/strong><\/span><\/h1>\n<p>[\/et_pb_text][\/et_pb_column][\/et_pb_row][et_pb_row column_structure=\u00bb1_4,1_4,1_4,1_4&#8243; _builder_version=\u00bb4.16&#8243; global_colors_info=\u00bb{}\u00bb][et_pb_column type=\u00bb1_4&#8243; _builder_version=\u00bb4.16&#8243; custom_padding=\u00bb|||\u00bb global_colors_info=\u00bb{}\u00bb custom_padding__hover=\u00bb|||\u00bb][et_pb_team_member name=\u00bbCURRICULUM\u00bb position=\u00bbAnalizamos los CV y seleccionamos las mejores cuidadoras en funci\u00f3n de sus necesidades.\u00bb image_url=\u00bbhttp:\/\/plenitudsocial.es\/wp-content\/uploads\/2024\/04\/Mesa-de-trabajo-1.png\u00bb _builder_version=\u00bb4.22.1&#8243; header_font=\u00bbUbuntu|700|||||||\u00bb header_font_size=\u00bb24px\u00bb header_line_height=\u00bb1.8em\u00bb body_font=\u00bbUbuntu||||||||\u00bb body_text_align=\u00bbcenter\u00bb body_text_color=\u00bb#000000&#8243; position_font=\u00bbUbuntu||||||||\u00bb position_text_color=\u00bb#000000&#8243; text_orientation=\u00bbcenter\u00bb width=\u00bb100%\u00bb border_width_all_image=\u00bb45px\u00bb border_color_all_image=\u00bb#FFFFFF\u00bb global_colors_info=\u00bb{}\u00bb][\/et_pb_team_member][\/et_pb_column][et_pb_column type=\u00bb1_4&#8243; _builder_version=\u00bb4.16&#8243; custom_padding=\u00bb|||\u00bb global_colors_info=\u00bb{}\u00bb custom_padding__hover=\u00bb|||\u00bb][et_pb_team_member name=\u00bbENTREVISTA\u00bb position=\u00bbEntrevistamos a nuestros internos y cuidadores, para ver las habilidades, motivaciones y la aptitud.\u00bb image_url=\u00bbhttp:\/\/plenitudsocial.es\/wp-content\/uploads\/2024\/04\/Mesa-de-trabajo-1_1.png\u00bb _builder_version=\u00bb4.22.1&#8243; header_font=\u00bbUbuntu|700|||||||\u00bb header_font_size=\u00bb24px\u00bb header_line_height=\u00bb1.8em\u00bb body_font=\u00bbUbuntu||||||||\u00bb body_text_align=\u00bbcenter\u00bb body_text_color=\u00bb#000000&#8243; position_font=\u00bbUbuntu||||||||\u00bb position_text_color=\u00bb#000000&#8243; text_orientation=\u00bbcenter\u00bb border_width_all_image=\u00bb45px\u00bb border_color_all_image=\u00bb#FFFFFF\u00bb global_colors_info=\u00bb{}\u00bb][\/et_pb_team_member][\/et_pb_column][et_pb_column type=\u00bb1_4&#8243; _builder_version=\u00bb4.16&#8243; custom_padding=\u00bb|||\u00bb global_colors_info=\u00bb{}\u00bb custom_padding__hover=\u00bb|||\u00bb][et_pb_team_member name=\u00bbEXPERIENCIA\u00bb position=\u00bbComprobamos la experiencia, titulaciones, as\u00ed como sus conocimientos en el cuidado de personas mayores\u00bb image_url=\u00bbhttp:\/\/plenitudsocial.es\/wp-content\/uploads\/2024\/04\/Mesa-de-trabajo-1_2.png\u00bb _builder_version=\u00bb4.22.1&#8243; header_font=\u00bbUbuntu|700|||||||\u00bb header_font_size=\u00bb24px\u00bb header_line_height=\u00bb1.8em\u00bb body_font=\u00bbUbuntu||||||||\u00bb body_text_align=\u00bbcenter\u00bb body_text_color=\u00bb#000000&#8243; position_font=\u00bbUbuntu||||||||\u00bb position_text_color=\u00bb#000000&#8243; text_orientation=\u00bbcenter\u00bb border_width_all_image=\u00bb45px\u00bb border_color_all_image=\u00bb#FFFFFF\u00bb global_colors_info=\u00bb{}\u00bb][\/et_pb_team_member][\/et_pb_column][et_pb_column type=\u00bb1_4&#8243; _builder_version=\u00bb4.16&#8243; custom_padding=\u00bb|||\u00bb global_colors_info=\u00bb{}\u00bb custom_padding__hover=\u00bb|||\u00bb][et_pb_team_member name=\u00bbREFERENCIAS\u00bb position=\u00bbCotejamos las Referencias de los trabajos anteriores de nuestra cuidadora para dar un marchamo de Calidad a su servicio.\u00bb image_url=\u00bbhttp:\/\/plenitudsocial.es\/wp-content\/uploads\/2024\/04\/Mesa-de-trabajo-1_3.png\u00bb icon_color=\u00bb#000000&#8243; use_icon_font_size=\u00bbon\u00bb icon_font_size=\u00bb65px\u00bb _builder_version=\u00bb4.22.1&#8243; header_font=\u00bbUbuntu|700|||||||\u00bb header_font_size=\u00bb24px\u00bb header_line_height=\u00bb1.8em\u00bb body_font=\u00bbUbuntu||||||||\u00bb body_text_align=\u00bbcenter\u00bb body_text_color=\u00bb#000000&#8243; position_font=\u00bbUbuntu||||||||\u00bb position_text_color=\u00bb#000000&#8243; text_orientation=\u00bbcenter\u00bb border_width_all_image=\u00bb45px\u00bb border_color_all_image=\u00bb#FFFFFF\u00bb global_colors_info=\u00bb{}\u00bb][\/et_pb_team_member][\/et_pb_column][\/et_pb_row][\/et_pb_section][et_pb_section fb_built=\u00bb1&#8243; admin_label=\u00bbContact Us\u00bb _builder_version=\u00bb4.16&#8243; background_image=\u00bbhttp:\/\/plenitudsocial.es\/wp-content\/uploads\/2024\/04\/Bg-001.png\u00bb global_colors_info=\u00bb{}\u00bb][et_pb_row column_structure=\u00bb1_2,1_2&#8243; _builder_version=\u00bb4.22.1&#8243; global_colors_info=\u00bb{}\u00bb][et_pb_column type=\u00bb1_2&#8243; _builder_version=\u00bb4.16&#8243; custom_padding=\u00bb|||\u00bb global_colors_info=\u00bb{}\u00bb custom_padding__hover=\u00bb|||\u00bb][et_pb_text _builder_version=\u00bb4.22.1&#8243; text_font=\u00bbUbuntu||||||||\u00bb text_text_color=\u00bb#000000&#8243; text_font_size=\u00bb15px\u00bb text_line_height=\u00bb2em\u00bb header_font=\u00bbUbuntu||||||||\u00bb header_2_font=\u00bbUbuntu|700|||||||\u00bb header_2_font_size=\u00bb40px\u00bb header_2_line_height=\u00bb1.4em\u00bb max_width=\u00bb600px\u00bb header_2_font_size_tablet=\u00bb\u00bb header_2_font_size_phone=\u00bb24px\u00bb header_2_font_size_last_edited=\u00bbon|phone\u00bb global_colors_info=\u00bb{}\u00bb]<\/p>\n<h2>Work with us<\/h2>\n<p>Serve in Palencia and province.<br \/>Fully Social, we are dedicated to service for domestic\/domestic workers and care of the sick, children and the elderly, to whom we give a treatment of quality. If you want to be part of our team and work with us, enter your details via the form below, and we will be in contact with you for the selection process.<\/p>\n<p>[\/et_pb_text][et_pb_blurb title=\u00bb979 743 650 \/ 610 215 879&#8243; use_icon=\u00bbon\u00bb font_icon=\u00bb&#xe090;||divi||400&#8243; icon_placement=\u00bbleft\u00bb _builder_version=\u00bb4.22.1&#8243; header_level=\u00bbh6&#8243; header_font=\u00bbUbuntu|700|||||||\u00bb header_text_color=\u00bb#86764e\u00bb header_font_size=\u00bb18px\u00bb header_line_height=\u00bb1.8em\u00bb body_font=\u00bb||||||||\u00bb locked=\u00bboff\u00bb global_colors_info=\u00bb{}\u00bb][\/et_pb_blurb][et_pb_blurb title=\u00bbplenitud@plenitudsocial.es\u00bb use_icon=\u00bbon\u00bb font_icon=\u00bb&#xe076;||divi||400&#8243; icon_placement=\u00bbleft\u00bb _builder_version=\u00bb4.22.1&#8243; header_level=\u00bbh6&#8243; header_font=\u00bbUbuntu|700|||||||\u00bb header_text_color=\u00bb#86764e\u00bb header_font_size=\u00bb18px\u00bb header_line_height=\u00bb1.8em\u00bb body_font=\u00bb||||||||\u00bb locked=\u00bboff\u00bb global_colors_info=\u00bb{}\u00bb][\/et_pb_blurb][et_pb_blurb title=\u00bbCalle Mujer Palentina, 4 bajo 34002, Palencia \u00bb use_icon=\u00bbon\u00bb font_icon=\u00bb&#xf3c5;||fa||900&#8243; icon_placement=\u00bbleft\u00bb _builder_version=\u00bb4.22.1&#8243; header_level=\u00bbh6&#8243; header_font=\u00bbUbuntu|700|||||||\u00bb header_text_color=\u00bb#86764e\u00bb header_font_size=\u00bb18px\u00bb header_line_height=\u00bb1.8em\u00bb body_font=\u00bb||||||||\u00bb locked=\u00bboff\u00bb global_colors_info=\u00bb{}\u00bb][\/et_pb_blurb][\/et_pb_column][et_pb_column type=\u00bb1_2&#8243; _builder_version=\u00bb4.16&#8243; custom_padding=\u00bb|||\u00bb global_colors_info=\u00bb{}\u00bb custom_padding__hover=\u00bb|||\u00bb][et_pb_contact_form captcha=\u00bboff\u00bb email=\u00bbplenitud@plenitudsocial.es\u00bb submit_button_text=\u00bbENVIAR\u00bb module_id=\u00bbet_pb_contact_form_0&#8243; _builder_version=\u00bb4.22.1&#8243; form_field_background_color=\u00bb#f4f6f7&#8243; title_level=\u00bbh3&#8243; title_font=\u00bbUbuntu|700|||||||\u00bb title_text_color=\u00bb#000000&#8243; title_font_size=\u00bb40px\u00bb title_line_height=\u00bb1.2em\u00bb form_field_font=\u00bbUbuntu||||||||\u00bb form_field_font_size=\u00bb16px\u00bb form_field_line_height=\u00bb1.9em\u00bb custom_button=\u00bbon\u00bb button_text_size=\u00bb18px\u00bb button_text_color=\u00bb#ffffff\u00bb button_bg_color=\u00bb#86764e\u00bb button_border_width=\u00bb10px\u00bb button_border_color=\u00bb#86764e\u00bb button_border_radius=\u00bb0px\u00bb button_font=\u00bbUbuntu|700|||||||\u00bb custom_margin=\u00bb||24px|\u00bb title_font_size_tablet=\u00bb35px\u00bb title_font_size_phone=\u00bb25px\u00bb title_font_size_last_edited=\u00bbon|phone\u00bb form_background_color=\u00bb#f4f6f7&#8243; locked=\u00bboff\u00bb global_colors_info=\u00bb{}\u00bb][et_pb_contact_field field_id=\u00bbName\u00bb field_title=\u00bbNombre\u00bb fullwidth_field=\u00bbon\u00bb _builder_version=\u00bb4.22.1&#8243; form_field_font=\u00bb||||||||\u00bb custom_margin=\u00bb||24px|\u00bb global_colors_info=\u00bb{}\u00bb button_text_size__hover_enabled=\u00bboff\u00bb button_one_text_size__hover_enabled=\u00bboff\u00bb button_two_text_size__hover_enabled=\u00bboff\u00bb button_text_color__hover_enabled=\u00bboff\u00bb button_one_text_color__hover_enabled=\u00bboff\u00bb button_two_text_color__hover_enabled=\u00bboff\u00bb button_border_width__hover_enabled=\u00bboff\u00bb button_one_border_width__hover_enabled=\u00bboff\u00bb button_two_border_width__hover_enabled=\u00bboff\u00bb button_border_color__hover_enabled=\u00bboff\u00bb button_one_border_color__hover_enabled=\u00bboff\u00bb button_two_border_color__hover_enabled=\u00bboff\u00bb button_border_radius__hover_enabled=\u00bboff\u00bb button_one_border_radius__hover_enabled=\u00bboff\u00bb button_two_border_radius__hover_enabled=\u00bboff\u00bb button_letter_spacing__hover_enabled=\u00bboff\u00bb button_one_letter_spacing__hover_enabled=\u00bboff\u00bb button_two_letter_spacing__hover_enabled=\u00bboff\u00bb button_bg_color__hover_enabled=\u00bboff\u00bb button_one_bg_color__hover_enabled=\u00bboff\u00bb button_two_bg_color__hover_enabled=\u00bboff\u00bb][\/et_pb_contact_field][et_pb_contact_field field_id=\u00bbEmail\u00bb field_title=\u00bbDirecci\u00f3n de correo elect\u00f3nico\u00bb field_type=\u00bbemail\u00bb fullwidth_field=\u00bbon\u00bb _builder_version=\u00bb4.22.1&#8243; custom_margin=\u00bb||24px|\u00bb global_colors_info=\u00bb{}\u00bb button_text_size__hover_enabled=\u00bboff\u00bb button_one_text_size__hover_enabled=\u00bboff\u00bb button_two_text_size__hover_enabled=\u00bboff\u00bb button_text_color__hover_enabled=\u00bboff\u00bb button_one_text_color__hover_enabled=\u00bboff\u00bb button_two_text_color__hover_enabled=\u00bboff\u00bb button_border_width__hover_enabled=\u00bboff\u00bb button_one_border_width__hover_enabled=\u00bboff\u00bb button_two_border_width__hover_enabled=\u00bboff\u00bb button_border_color__hover_enabled=\u00bboff\u00bb button_one_border_color__hover_enabled=\u00bboff\u00bb button_two_border_color__hover_enabled=\u00bboff\u00bb button_border_radius__hover_enabled=\u00bboff\u00bb button_one_border_radius__hover_enabled=\u00bboff\u00bb button_two_border_radius__hover_enabled=\u00bboff\u00bb button_letter_spacing__hover_enabled=\u00bboff\u00bb button_one_letter_spacing__hover_enabled=\u00bboff\u00bb button_two_letter_spacing__hover_enabled=\u00bboff\u00bb button_bg_color__hover_enabled=\u00bboff\u00bb button_one_bg_color__hover_enabled=\u00bboff\u00bb button_two_bg_color__hover_enabled=\u00bboff\u00bb][\/et_pb_contact_field][et_pb_contact_field field_id=\u00bbTelefono\u00bb field_title=\u00bbTel\u00e9fono\u00bb allowed_symbols=\u00bbnumbers\u00bb fullwidth_field=\u00bbon\u00bb _builder_version=\u00bb4.22.1&#8243; form_field_font=\u00bb||||||||\u00bb custom_margin=\u00bb||24px|\u00bb global_colors_info=\u00bb{}\u00bb button_text_size__hover_enabled=\u00bboff\u00bb button_one_text_size__hover_enabled=\u00bboff\u00bb button_two_text_size__hover_enabled=\u00bboff\u00bb button_text_color__hover_enabled=\u00bboff\u00bb button_one_text_color__hover_enabled=\u00bboff\u00bb button_two_text_color__hover_enabled=\u00bboff\u00bb button_border_width__hover_enabled=\u00bboff\u00bb button_one_border_width__hover_enabled=\u00bboff\u00bb button_two_border_width__hover_enabled=\u00bboff\u00bb button_border_color__hover_enabled=\u00bboff\u00bb button_one_border_color__hover_enabled=\u00bboff\u00bb button_two_border_color__hover_enabled=\u00bboff\u00bb button_border_radius__hover_enabled=\u00bboff\u00bb button_one_border_radius__hover_enabled=\u00bboff\u00bb button_two_border_radius__hover_enabled=\u00bboff\u00bb button_letter_spacing__hover_enabled=\u00bboff\u00bb button_one_letter_spacing__hover_enabled=\u00bboff\u00bb button_two_letter_spacing__hover_enabled=\u00bboff\u00bb button_bg_color__hover_enabled=\u00bboff\u00bb button_one_bg_color__hover_enabled=\u00bboff\u00bb button_two_bg_color__hover_enabled=\u00bboff\u00bb][\/et_pb_contact_field][et_pb_contact_field field_id=\u00bbDisponibilidad\u00bb field_title=\u00bbDisponibilidad\u00bb field_type=\u00bbselect\u00bb select_options=\u00bb%91{%22value%22:%22Interna 24h.%22,%22checked%22:0,%22dragID%22:-1},{%22value%22:%22D\u00eda entero%22,%22checked%22:0,%22dragID%22:0},{%22value%22:%22Ma\u00f1anas%22,%22checked%22:0,%22dragID%22:1},{%22value%22:%22Tardes%22,%22checked%22:0,%22dragID%22:2},{%22value%22:%22Noches%22,%22checked%22:0,%22dragID%22:3},{%22value%22:%22Fin de semana %22,%22checked%22:0,%22dragID%22:4}%93&#8243; fullwidth_field=\u00bbon\u00bb _builder_version=\u00bb4.22.1&#8243; custom_margin=\u00bb||24px|\u00bb global_colors_info=\u00bb{}\u00bb button_text_size__hover_enabled=\u00bboff\u00bb button_one_text_size__hover_enabled=\u00bboff\u00bb button_two_text_size__hover_enabled=\u00bboff\u00bb button_text_color__hover_enabled=\u00bboff\u00bb button_one_text_color__hover_enabled=\u00bboff\u00bb button_two_text_color__hover_enabled=\u00bboff\u00bb button_border_width__hover_enabled=\u00bboff\u00bb button_one_border_width__hover_enabled=\u00bboff\u00bb button_two_border_width__hover_enabled=\u00bboff\u00bb button_border_color__hover_enabled=\u00bboff\u00bb button_one_border_color__hover_enabled=\u00bboff\u00bb button_two_border_color__hover_enabled=\u00bboff\u00bb button_border_radius__hover_enabled=\u00bboff\u00bb button_one_border_radius__hover_enabled=\u00bboff\u00bb button_two_border_radius__hover_enabled=\u00bboff\u00bb button_letter_spacing__hover_enabled=\u00bboff\u00bb button_one_letter_spacing__hover_enabled=\u00bboff\u00bb button_two_letter_spacing__hover_enabled=\u00bboff\u00bb button_bg_color__hover_enabled=\u00bboff\u00bb button_one_bg_color__hover_enabled=\u00bboff\u00bb button_two_bg_color__hover_enabled=\u00bboff\u00bb][\/et_pb_contact_field][\/et_pb_contact_form][et_pb_text _builder_version=\u00bb4.22.1&#8243; _module_preset=\u00bbdefault\u00bb global_colors_info=\u00bb{}\u00bb]<span class=\"wpcf7-form-control wpcf7-acceptance\"><span class=\"wpcf7-list-item\"><input type=\"checkbox\" name=\"acceptance-529\" value=\"1\" aria-invalid=\"false\" \/><\/span><\/span> I accept the terms of use and <strong><a href=\"\/en\/poner http de la pol\u00edtica de privacidad\/\">Privacy policy <\/a><\/strong> and <strong><a href=\"\/en\/poner http del aviso legal\/\">Legal Notice.<\/a><\/strong>[\/et_pb_text][\/et_pb_column][\/et_pb_row][\/et_pb_section][et_pb_section fb_built=\u00bb1&#8243; admin_label=\u00bbTestimonials\u00bb _builder_version=\u00bb4.22.1&#8243; custom_padding=\u00bb0|0px||0px|false|false\u00bb animation_style=\u00bbslide\u00bb animation_direction=\u00bbleft\u00bb animation_intensity_slide=\u00bb5%\u00bb global_colors_info=\u00bb{}\u00bb][et_pb_row _builder_version=\u00bb4.22.1&#8243; use_background_color_gradient=\u00bbon\u00bb background_color_gradient_direction=\u00bb90deg\u00bb background_color_gradient_stops=\u00bb#86764e 0%|#b1a58c 99%\u00bb background_color_gradient_start=\u00bb#f2835a\u00bb background_color_gradient_end=\u00bb#fab993&#8243; parallax=\u00bbon\u00bb width=\u00bb90%\u00bb max_width=\u00bb90%\u00bb module_alignment=\u00bbleft\u00bb custom_padding=\u00bb80px|0px|80px|0px|true|false\u00bb border_radii=\u00bbon|6px|6px|6px|6px\u00bb box_shadow_style=\u00bbpreset4&#8243; box_shadow_horizontal=\u00bb20px\u00bb box_shadow_vertical=\u00bb21px\u00bb box_shadow_color=\u00bbrgba(177,165,140,0.6)\u00bb use_custom_width=\u00bbon\u00bb width_unit=\u00bboff\u00bb custom_width_percent=\u00bb90%\u00bb global_colors_info=\u00bb{}\u00bb][et_pb_column type=\u00bb4_4&#8243; _builder_version=\u00bb4.16&#8243; custom_padding=\u00bb|||\u00bb global_colors_info=\u00bb{}\u00bb custom_padding__hover=\u00bb|||\u00bb][et_pb_blurb _builder_version=\u00bb4.22.1&#8243; header_level=\u00bbh2&#8243; header_font=\u00bbUbuntu|700|||||||\u00bb header_text_color=\u00bb#FFFFFF\u00bb header_font_size=\u00bb26px\u00bb header_line_height=\u00bb1.4em\u00bb body_font=\u00bbUbuntu|700|||||||\u00bb body_font_size=\u00bb18px\u00bb text_orientation=\u00bbcenter\u00bb background_layout=\u00bbdark\u00bb custom_margin=\u00bb||0px|\u00bb header_font_size_tablet=\u00bb\u00bb header_font_size_phone=\u00bb25px\u00bb header_font_size_last_edited=\u00bbon|phone\u00bb global_colors_info=\u00bb{}\u00bb]<\/p>\n<h1>We can assist you individually and we will adapt to your circumstances<\/h1>\n<p>[\/et_pb_blurb][\/et_pb_column][\/et_pb_row][\/et_pb_section][et_pb_section fb_built=\u00bb1&#8243; _builder_version=\u00bb4.22.1&#8243; _module_preset=\u00bbdefault\u00bb global_colors_info=\u00bb{}\u00bb][et_pb_row column_structure=\u00bb1_3,1_3,1_3&#8243; _builder_version=\u00bb4.22.1&#8243; _module_preset=\u00bbdefault\u00bb global_colors_info=\u00bb{}\u00bb][et_pb_column type=\u00bb1_3&#8243; _builder_version=\u00bb4.22.1&#8243; _module_preset=\u00bbdefault\u00bb global_colors_info=\u00bb{}\u00bb][et_pb_image src=\u00bbhttp:\/\/plenitudsocial.es\/wp-content\/uploads\/2024\/04\/logo.png\u00bb title_text=\u00bblogo\u00bb _builder_version=\u00bb4.22.1&#8243; _module_preset=\u00bbdefault\u00bb global_colors_info=\u00bb{}\u00bb][\/et_pb_image][\/et_pb_column][et_pb_column type=\u00bb1_3&#8243; _builder_version=\u00bb4.22.1&#8243; _module_preset=\u00bbdefault\u00bb global_colors_info=\u00bb{}\u00bb][et_pb_text _builder_version=\u00bb4.22.1&#8243; _module_preset=\u00bbdefault\u00bb text_font=\u00bbUbuntu||||||||\u00bb text_text_color=\u00bb#000000&#8243; text_font_size=\u00bb18px\u00bb global_colors_info=\u00bb{}\u00bb]<strong>CONTACT:\u00a0<\/strong><\/p>\n<p><a href=\"tel:979 743 650\">979 743 650 \/ 610 215 879<\/a><\/p>\n<p><a href=\"mailto:plenitud@plenitudsocial.es\">plenitud@plenitudsocial.es<\/a><\/p>\n<p><a href=\"https:\/\/maps.app.goo.gl\/qmNuSk3GmxKSgrwQ9\">Street Woman Palencia, 4 low, 34002, Palencia<\/a>[\/et_pb_text][\/et_pb_column][et_pb_column type=\u00bb1_3&#8243; _builder_version=\u00bb4.22.1&#8243; _module_preset=\u00bbdefault\u00bb global_colors_info=\u00bb{}\u00bb][et_pb_text _builder_version=\u00bb4.22.1&#8243; _module_preset=\u00bbdefault\u00bb text_font=\u00bbUbuntu||||||||\u00bb text_text_color=\u00bb#000000&#8243; text_font_size=\u00bb18px\u00bb global_colors_info=\u00bb{}\u00bb]<\/p>\n<p><strong>LEGAL LINKS:\u00a0<\/strong><\/p>\n<p><a href=\"https:\/\/plenitudsocial.es\/en\/aviso-legal\/\">Legal Notice<\/a><\/p>\n<p><a href=\"https:\/\/plenitudsocial.es\/en\/politica-de-privacidad\/\">Privacy policy <\/a><\/p>\n<p><a href=\"https:\/\/plenitudsocial.es\/en\/politica-de-cookies\/\">Cookie policy<\/a><\/p>\n<p>[\/et_pb_text][\/et_pb_column][\/et_pb_row][\/et_pb_section]<\/p>","protected":false},"excerpt":{"rendered":"<p>Nuestro equipo Plenitud Social abre sus puertas en el a\u00f1o 2007, en Palencia, para hacer m\u00e1s f\u00e1cil la vida de nuestros clientes, poniendo a disposici\u00f3n de ellos sus servicios, profesionalidad, dedicaci\u00f3n y experiencia, tanto en domicilios como en hospitales. Somos una empresa debidamente acreditada para cumplir con todos los requisitos que establece la Ley de [&hellip;]<\/p>","protected":false},"author":1,"featured_media":0,"parent":0,"menu_order":0,"comment_status":"closed","ping_status":"closed","template":"","meta":{"_et_pb_use_builder":"on","_et_pb_old_content":"","_et_gb_content_width":"","footnotes":""},"class_list":["post-3500","page","type-page","status-publish","hentry"],"yoast_head":"<!-- This site is optimized with the Yoast SEO plugin v25.3.1 - https:\/\/yoast.com\/wordpress\/plugins\/seo\/ -->\n<title>Qui\u00e9nes Somos - Plenitud Social<\/title>\n<meta name=\"robots\" content=\"index, follow, max-snippet:-1, max-image-preview:large, max-video-preview:-1\" \/>\n<link rel=\"canonical\" href=\"https:\/\/plenitudsocial.es\/en\/quienes-somos\/\" \/>\n<meta property=\"og:locale\" content=\"en_GB\" \/>\n<meta property=\"og:type\" content=\"article\" \/>\n<meta property=\"og:title\" content=\"Qui\u00e9nes Somos - Plenitud Social\" \/>\n<meta property=\"og:description\" content=\"Nuestro equipo Plenitud Social abre sus puertas en el a\u00f1o 2007, en Palencia, para hacer m\u00e1s f\u00e1cil la vida de nuestros clientes, poniendo a disposici\u00f3n de ellos sus servicios, profesionalidad, dedicaci\u00f3n y experiencia, tanto en domicilios como en hospitales. Somos una empresa debidamente acreditada para cumplir con todos los requisitos que establece la Ley de [&hellip;]\" \/>\n<meta property=\"og:url\" content=\"https:\/\/plenitudsocial.es\/en\/quienes-somos\/\" \/>\n<meta property=\"og:site_name\" content=\"Plenitud Social\" \/>\n<meta property=\"article:modified_time\" content=\"2024-04-16T11:23:13+00:00\" \/>\n<meta name=\"twitter:card\" content=\"summary_large_image\" \/>\n<meta name=\"twitter:label1\" content=\"Estimated reading time\" \/>\n\t<meta name=\"twitter:data1\" content=\"21 minutes\" \/>\n<script type=\"application\/ld+json\" class=\"yoast-schema-graph\">{\"@context\":\"https:\/\/schema.org\",\"@graph\":[{\"@type\":\"WebPage\",\"@id\":\"https:\/\/plenitudsocial.es\/quienes-somos\/\",\"url\":\"https:\/\/plenitudsocial.es\/quienes-somos\/\",\"name\":\"Qui\u00e9nes Somos - Plenitud Social\",\"isPartOf\":{\"@id\":\"http:\/\/plenitudsocial.es\/#website\"},\"datePublished\":\"2024-04-15T10:23:57+00:00\",\"dateModified\":\"2024-04-16T11:23:13+00:00\",\"breadcrumb\":{\"@id\":\"https:\/\/plenitudsocial.es\/quienes-somos\/#breadcrumb\"},\"inLanguage\":\"en-GB\",\"potentialAction\":[{\"@type\":\"ReadAction\",\"target\":[\"https:\/\/plenitudsocial.es\/quienes-somos\/\"]}]},{\"@type\":\"BreadcrumbList\",\"@id\":\"https:\/\/plenitudsocial.es\/quienes-somos\/#breadcrumb\",\"itemListElement\":[{\"@type\":\"ListItem\",\"position\":1,\"name\":\"Portada\",\"item\":\"http:\/\/plenitudsocial.es\/\"},{\"@type\":\"ListItem\",\"position\":2,\"name\":\"Qui\u00e9nes Somos\"}]},{\"@type\":\"WebSite\",\"@id\":\"http:\/\/plenitudsocial.es\/#website\",\"url\":\"http:\/\/plenitudsocial.es\/\",\"name\":\"Plenitud Social\",\"description\":\"Plenitud Social es una empresa dedicada al cuidado de las personas dependientes que necesitan una atenci\u00f3n personalizada y continuada.\",\"potentialAction\":[{\"@type\":\"SearchAction\",\"target\":{\"@type\":\"EntryPoint\",\"urlTemplate\":\"http:\/\/plenitudsocial.es\/?s={search_term_string}\"},\"query-input\":{\"@type\":\"PropertyValueSpecification\",\"valueRequired\":true,\"valueName\":\"search_term_string\"}}],\"inLanguage\":\"en-GB\"}]}<\/script>\n<!-- \/ Yoast SEO plugin. -->","yoast_head_json":{"title":"Qui\u00e9nes Somos - Plenitud Social","robots":{"index":"index","follow":"follow","max-snippet":"max-snippet:-1","max-image-preview":"max-image-preview:large","max-video-preview":"max-video-preview:-1"},"canonical":"https:\/\/plenitudsocial.es\/en\/quienes-somos\/","og_locale":"en_GB","og_type":"article","og_title":"Qui\u00e9nes Somos - Plenitud Social","og_description":"Nuestro equipo Plenitud Social abre sus puertas en el a\u00f1o 2007, en Palencia, para hacer m\u00e1s f\u00e1cil la vida de nuestros clientes, poniendo a disposici\u00f3n de ellos sus servicios, profesionalidad, dedicaci\u00f3n y experiencia, tanto en domicilios como en hospitales. Somos una empresa debidamente acreditada para cumplir con todos los requisitos que establece la Ley de [&hellip;]","og_url":"https:\/\/plenitudsocial.es\/en\/quienes-somos\/","og_site_name":"Plenitud Social","article_modified_time":"2024-04-16T11:23:13+00:00","twitter_card":"summary_large_image","twitter_misc":{"Estimated reading time":"21 minutes"},"schema":{"@context":"https:\/\/schema.org","@graph":[{"@type":"WebPage","@id":"https:\/\/plenitudsocial.es\/quienes-somos\/","url":"https:\/\/plenitudsocial.es\/quienes-somos\/","name":"Qui\u00e9nes Somos - Plenitud Social","isPartOf":{"@id":"http:\/\/plenitudsocial.es\/#website"},"datePublished":"2024-04-15T10:23:57+00:00","dateModified":"2024-04-16T11:23:13+00:00","breadcrumb":{"@id":"https:\/\/plenitudsocial.es\/quienes-somos\/#breadcrumb"},"inLanguage":"en-GB","potentialAction":[{"@type":"ReadAction","target":["https:\/\/plenitudsocial.es\/quienes-somos\/"]}]},{"@type":"BreadcrumbList","@id":"https:\/\/plenitudsocial.es\/quienes-somos\/#breadcrumb","itemListElement":[{"@type":"ListItem","position":1,"name":"Portada","item":"http:\/\/plenitudsocial.es\/"},{"@type":"ListItem","position":2,"name":"Qui\u00e9nes Somos"}]},{"@type":"WebSite","@id":"http:\/\/plenitudsocial.es\/#website","url":"http:\/\/plenitudsocial.es\/","name":"Plenitud Social","description":"Plenitud Social es una empresa dedicada al cuidado de las personas dependientes que necesitan una atenci\u00f3n personalizada y continuada.","potentialAction":[{"@type":"SearchAction","target":{"@type":"EntryPoint","urlTemplate":"http:\/\/plenitudsocial.es\/?s={search_term_string}"},"query-input":{"@type":"PropertyValueSpecification","valueRequired":true,"valueName":"search_term_string"}}],"inLanguage":"en-GB"}]}},"_links":{"self":[{"href":"http:\/\/plenitudsocial.es\/en\/wp-json\/wp\/v2\/pages\/3500","targetHints":{"allow":["GET"]}}],"collection":[{"href":"http:\/\/plenitudsocial.es\/en\/wp-json\/wp\/v2\/pages"}],"about":[{"href":"http:\/\/plenitudsocial.es\/en\/wp-json\/wp\/v2\/types\/page"}],"author":[{"embeddable":true,"href":"http:\/\/plenitudsocial.es\/en\/wp-json\/wp\/v2\/users\/1"}],"replies":[{"embeddable":true,"href":"http:\/\/plenitudsocial.es\/en\/wp-json\/wp\/v2\/comments?post=3500"}],"version-history":[{"count":19,"href":"http:\/\/plenitudsocial.es\/en\/wp-json\/wp\/v2\/pages\/3500\/revisions"}],"predecessor-version":[{"id":3613,"href":"http:\/\/plenitudsocial.es\/en\/wp-json\/wp\/v2\/pages\/3500\/revisions\/3613"}],"wp:attachment":[{"href":"http:\/\/plenitudsocial.es\/en\/wp-json\/wp\/v2\/media?parent=3500"}],"curies":[{"name":"wp","href":"https:\/\/api.w.org\/{rel}","templated":true}]}}